{"id":3574,"date":"2018-12-05T15:58:52","date_gmt":"2018-12-05T14:58:52","guid":{"rendered":"https:\/\/www.gitesislacooldouce.fr\/gites-ruraux\/"},"modified":"2024-11-12T11:21:39","modified_gmt":"2024-11-12T10:21:39","slug":"landliche-ferienhauser","status":"publish","type":"page","link":"https:\/\/www.gitesislacooldouce.fr\/de\/landliche-ferienhauser\/","title":{"rendered":"L\u00e4ndliche Ferienh\u00e4user"},"content":{"rendered":"<p><div class=\"fusion-fullwidth fullwidth-box nonhundred-percent-fullwidth non-hundred-percent-height-scrolling\"  style='background-color: rgba(255,255,255,0);background-position: center center;background-repeat: no-repeat;padding-top:0px;padding-right:0px;padding-bottom:40px;padding-left:0px;'><div class=\"fusion-builder-row fusion-row \"><div  class=\"fusion-layout-column fusion_builder_column fusion_builder_column_1_1  fusion-one-full fusion-column-first fusion-column-last 1_1\"  style='margin-top:0px;margin-bottom:0px;'>\n\t\t\t\t\t<div class=\"fusion-column-wrapper\" style=\"padding: 0px 0px 0px 0px;background-position:left top;background-repeat:no-repeat;-webkit-background-size:cover;-moz-background-size:cover;-o-background-size:cover;background-size:cover;\"   data-bg-url=\"\">\n\t\t\t\t\t\t<div class=\"fusion-title title fusion-sep-none fusion-title-center fusion-title-size-two\" style=\"margin-top:0px;margin-bottom:25px;\"><h2 class=\"title-heading-center\">Unsere 8 Ferienh\u00e4user in der s\u00fcdlichen Ard\u00e8che<\/h2><\/div><div class=\"fusion-clearfix\"><\/div>\n\n\t\t\t\t\t<\/div>\n\t\t\t\t<\/div><div  class=\"fusion-layout-column fusion_builder_column fusion_builder_column_1_2  fusion-one-half fusion-column-first edito-gites 1_2\"  style='margin-top:0px;margin-bottom:20px;width:50%;width:calc(50% - ( ( 4% ) * 0.5 ) );margin-right: 4%;'>\n\t\t\t\t\t<div class=\"fusion-column-wrapper\" style=\"padding: 0px 0px 0px 0px;background-position:left top;background-repeat:no-repeat;-webkit-background-size:cover;-moz-background-size:cover;-o-background-size:cover;background-size:cover;\"   data-bg-url=\"\">\n\t\t\t\t\t\t<div class=\"fusion-text\"><p>Jedes Haus verf\u00fcgt \u00fcber einen eigenen privaten Bereich mit einem nach S\u00fcden ausgerichteten Garten, einer Rasenfl\u00e4che, einer privaten Terrasse und einem Grill.<br \/>\nIm Inneren sind die H\u00e4user mit allem ausgestattet, was Sie f\u00fcr Ihren Komfort ben\u00f6tigen.<\/p>\n<p>Es gibt individuelle Parkpl\u00e4tze f\u00fcr jedes Haus und WIFI.<br \/>\nAuf Wunsch stellen wir auch die Ausstattung f\u00fcr ein Baby (Bett, Stuhl, Badewanne und Kinderwagen) zur Verf\u00fcgung.<\/p>\n<p>Wir bieten kostenlosen Zugang zur gesamten Domain. Entdecken Sie hier die <a href=\"\/de\/aktivitaten\/vor-ort\/\"><strong>Aktivit\u00e4ten vor Ort<\/strong><\/a>.<\/p>\n<\/div><div class=\"fusion-clearfix\"><\/div>\n\n\t\t\t\t\t<\/div>\n\t\t\t\t<\/div><div  class=\"fusion-layout-column fusion_builder_column fusion_builder_column_1_2  fusion-one-half fusion-column-last edito-gites 1_2\"  style='margin-top:0px;margin-bottom:20px;width:50%;width:calc(50% - ( ( 4% ) * 0.5 ) );'>\n\t\t\t\t\t<div class=\"fusion-column-wrapper\" style=\"padding: 0px 0px 0px 0px;background-position:left top;background-repeat:no-repeat;-webkit-background-size:cover;-moz-background-size:cover;-o-background-size:cover;background-size:cover;\"   data-bg-url=\"\">\n\t\t\t\t\t\t<div class=\"fusion-text edito-important\"><p><strong>Wichtig:<\/strong> Bitte beachten Sie, dass wir von anderen H\u00e4usern umgeben sind und gro\u00dfen Wert auf die Ruhe anderer Kunden legen.<br \/>\nDie Ferienh\u00e4user und die Umgebung sind nicht f\u00fcr die Organisation von Partys wie Junggesellenabschiede usw. geeignet.<br \/>\nWenn Sie ein lustiges, sportliches, entspanntes oder entspanntes Wochenende verbringen m\u00f6chten, sind Sie bei uns nat\u00fcrlich herzlich willkommen.<\/p>\n<\/div><div class=\"fusion-clearfix\"><\/div>\n\n\t\t\t\t\t<\/div>\n\t\t\t\t<\/div><\/div><\/div><div class=\"fusion-fullwidth fullwidth-box nonhundred-percent-fullwidth non-hundred-percent-height-scrolling\"  style='background-color: rgba(255,255,255,0);background-position: center center;background-repeat: no-repeat;padding-top:0px;padding-right:0px;padding-bottom:0px;padding-left:0px;'><div class=\"fusion-builder-row fusion-row \"><div  class=\"fusion-layout-column fusion_builder_column fusion_builder_column_1_1  fusion-one-full fusion-column-first fusion-column-last bloc-gites fusion-column-inner-bg-wrapper 1_1\"  style='margin-top:0px;margin-bottom:20px;'>\n\t\t\t\t\t<div class=\"fusion-column-wrapper\" style=\"padding: 0px 0px 0px 0px;\" data-bg-url=\"\">\n\t\t\t\t\t\t<div class=\"fusion-title title fusion-sep-none fusion-title-size-two\" style=\"margin-top:0px;margin-bottom:25px;\"><h2 class=\"title-heading-left\">Kleines Ferienhaus <span class=\"nd\"> 20 m\u00b2 &#8211; 2 Personen<\/span><\/h2><\/div><div class=\"imageframe-align-center\"><span class=\"fusion-imageframe imageframe-none imageframe-1 hover-type-none match-gite\"><img loading=\"lazy\" decoding=\"async\" src=\"https:\/\/www.gitesislacooldouce.fr\/wp-content\/uploads\/petit-gite-pano2.jpg\" width=\"1400\" height=\"450\" alt=\"Kleines Ferienhaus\" title=\"Kleines Ferienhaus\" class=\"img-responsive wp-image-3733\" srcset=\"https:\/\/www.gitesislacooldouce.fr\/wp-content\/uploads\/petit-gite-pano2-200x64.jpg 200w, https:\/\/www.gitesislacooldouce.fr\/wp-content\/uploads\/petit-gite-pano2-400x129.jpg 400w, https:\/\/www.gitesislacooldouce.fr\/wp-content\/uploads\/petit-gite-pano2-600x193.jpg 600w, https:\/\/www.gitesislacooldouce.fr\/wp-content\/uploads\/petit-gite-pano2-800x257.jpg 800w, https:\/\/www.gitesislacooldouce.fr\/wp-content\/uploads\/petit-gite-pano2-1200x386.jpg 1200w, https:\/\/www.gitesislacooldouce.fr\/wp-content\/uploads\/petit-gite-pano2.jpg 1400w\" sizes=\"auto, (max-width: 900px) 100vw, 1400px\" \/><\/span><\/div><div class=\"text1\"><ul>\n \t<li>Studio<\/li>\n \t<li>Kleine Terrasse mit privatem Garten<\/li>\n \t<li>Parkplatz neben dem Haus<\/li>\n<\/ul>\n<ul>\n \t<li class=\"apartir\">Ab 365 \u20ac \/ Woche<\/li>\n<\/ul>\n<a class=\"btn-lien-gite\" href=\"\/de\/landelijke-gites\/kleines-ferienhaus\/\">Mehr Info <i class=\"fontawesome-icon fa-angle-double-right fas circle-no\" style=\"font-size:18px;margin-right:9px;color:#ffffff;\"><\/i><\/a>\n<\/div><div class=\"fusion-clearfix\"><\/div>\n\t\t\t\t\t<\/div>\n\t\t\t\t\t<span class=\"fusion-column-inner-bg hover-type-none\">\n\t\t\t\t\t\t<a href=\"\/de\/landliche-ferienhauser\/kleines-ferienhaus\/\" aria-label=\"\">\n\t\t\t\t\t\t\t<span class=\"fusion-column-inner-bg-image\"  style=\"background-position:left top;background-repeat:no-repeat;-webkit-background-size:cover;-moz-background-size:cover;-o-background-size:cover;background-size:cover;\"><\/span><\/a>\n\t\t\t\t\t<\/span>\n\t\t\t\t<\/div><\/div><\/div><div class=\"fusion-fullwidth fullwidth-box nonhundred-percent-fullwidth non-hundred-percent-height-scrolling\"  style='background-color: rgba(255,255,255,0);background-position: center center;background-repeat: no-repeat;padding-top:0px;padding-right:0px;padding-bottom:0px;padding-left:0px;'><div class=\"fusion-builder-row fusion-row \"><div  class=\"fusion-layout-column fusion_builder_column fusion_builder_column_1_1  fusion-one-full fusion-column-first fusion-column-last bloc-gites fusion-column-inner-bg-wrapper 1_1\"  style='margin-top:0px;margin-bottom:20px;'>\n\t\t\t\t\t<div class=\"fusion-column-wrapper\" style=\"padding: 0px 0px 0px 0px;\" data-bg-url=\"\">\n\t\t\t\t\t\t<div class=\"fusion-title title fusion-sep-none fusion-title-size-two\" style=\"margin-top:0px;margin-bottom:25px;\"><h2 class=\"title-heading-left\">Grand Ch\u00eane<br class=\"brmobile\" \/><img decoding=\"async\" src=\"\/wp-content\/uploads\/gdf2.png\" alt=\"G\u00eetes de France\" \/> <img decoding=\"async\" class=\"epis\" src=\"\/wp-content\/uploads\/epis.png\" alt=\"\u00c9pis G\u00eetes de France\" \/> <img decoding=\"async\" class=\"epis\" src=\"\/wp-content\/uploads\/epis.png\" alt=\"\u00c9pis G\u00eetes de France\" \/> <img decoding=\"async\" class=\"epis\" src=\"\/wp-content\/uploads\/epis.png\" alt=\"\u00c9pis G\u00eetes de France\" \/><span class=\"nd\"> 50 m\u00b2 &#8211; 4 Personen<\/span><\/h2><\/div><div class=\"imageframe-align-center\"><span class=\"fusion-imageframe imageframe-none imageframe-2 hover-type-none match-gite\"><img loading=\"lazy\" decoding=\"async\" src=\"https:\/\/www.gitesislacooldouce.fr\/wp-content\/uploads\/grand-chene-pano-02.jpg\" width=\"1400\" height=\"450\" alt=\"Ferienh\u00e4user \u201eGrand Ch\u00eane\u201c\" title=\"Ferienh\u00e4user \u201eGrand Ch\u00eane\u201c\" class=\"img-responsive wp-image-3753\" srcset=\"https:\/\/www.gitesislacooldouce.fr\/wp-content\/uploads\/grand-chene-pano-02-200x64.jpg 200w, https:\/\/www.gitesislacooldouce.fr\/wp-content\/uploads\/grand-chene-pano-02-400x129.jpg 400w, https:\/\/www.gitesislacooldouce.fr\/wp-content\/uploads\/grand-chene-pano-02-600x193.jpg 600w, https:\/\/www.gitesislacooldouce.fr\/wp-content\/uploads\/grand-chene-pano-02-800x257.jpg 800w, https:\/\/www.gitesislacooldouce.fr\/wp-content\/uploads\/grand-chene-pano-02-1200x386.jpg 1200w, https:\/\/www.gitesislacooldouce.fr\/wp-content\/uploads\/grand-chene-pano-02.jpg 1400w\" sizes=\"auto, (max-width: 900px) 100vw, 1400px\" \/><\/span><\/div><div class=\"text1\"><ul>\n \t<li>Haus aus lokalem Stein<\/li>\n \t<li>Private Terrasse im 1. Stock<\/li>\n \t<li>Sch\u00f6ne Aussicht auf die Gorges de La Beaume<\/li>\n \t<li>Gemeinschaftsgarten mit Portokali-Haus<\/li>\n \t<li>Klassifiziert mit 3 \u00e9pis G\u00eetes de France<\/li>\n<\/ul>\n<ul>\n \t<li class=\"apartir\">Ab 645 \u20ac \/ Woche<\/li>\n<\/ul>\n<a class=\"btn-lien-gite\" href=\"\/de\/landelijke-gites\/grand-chene\/\">Mehr Info <i class=\"fontawesome-icon fa-angle-double-right fas circle-no\" style=\"font-size:18px;margin-right:9px;color:#ffffff;\"><\/i><\/a>\n<\/div><div class=\"fusion-clearfix\"><\/div>\n\t\t\t\t\t<\/div>\n\t\t\t\t\t<span class=\"fusion-column-inner-bg hover-type-none\">\n\t\t\t\t\t\t<a href=\"\/de\/landliche-ferienhauser\/grand-chene\/\" aria-label=\"\">\n\t\t\t\t\t\t\t<span class=\"fusion-column-inner-bg-image\"  style=\"background-position:left top;background-repeat:no-repeat;-webkit-background-size:cover;-moz-background-size:cover;-o-background-size:cover;background-size:cover;\"><\/span><\/a>\n\t\t\t\t\t<\/span>\n\t\t\t\t<\/div><\/div><\/div><div class=\"fusion-fullwidth fullwidth-box nonhundred-percent-fullwidth non-hundred-percent-height-scrolling\"  style='background-color: rgba(255,255,255,0);background-position: center center;background-repeat: no-repeat;padding-top:0px;padding-right:0px;padding-bottom:0px;padding-left:0px;'><div class=\"fusion-builder-row fusion-row \"><div  class=\"fusion-layout-column fusion_builder_column fusion_builder_column_1_1  fusion-one-full fusion-column-first fusion-column-last bloc-gites fusion-column-inner-bg-wrapper 1_1\"  style='margin-top:0px;margin-bottom:20px;'>\n\t\t\t\t\t<div class=\"fusion-column-wrapper\" style=\"padding: 0px 0px 0px 0px;\" data-bg-url=\"\">\n\t\t\t\t\t\t<div class=\"fusion-title title fusion-sep-none fusion-title-size-two\" style=\"margin-top:0px;margin-bottom:25px;\"><h2 class=\"title-heading-left\">Castor<br class=\"brmobile\" \/><img decoding=\"async\" src=\"\/wp-content\/uploads\/gdf2.png\" alt=\"G\u00eetes de France\" \/> <img decoding=\"async\" class=\"epis\" src=\"\/wp-content\/uploads\/epis.png\" alt=\"\u00c9pis G\u00eetes de France\" \/> <img decoding=\"async\" class=\"epis\" src=\"\/wp-content\/uploads\/epis.png\" alt=\"\u00c9pis G\u00eetes de France\" \/> <img decoding=\"async\" class=\"epis\" src=\"\/wp-content\/uploads\/epis.png\" alt=\"\u00c9pis G\u00eetes de France\" \/><span class=\"nd\"> 60 m\u00b2 &#8211; 5 Personen<\/span><\/h2><\/div><div class=\"imageframe-align-center\"><span class=\"fusion-imageframe imageframe-none imageframe-3 hover-type-none match-gite\"><img loading=\"lazy\" decoding=\"async\" src=\"https:\/\/www.gitesislacooldouce.fr\/wp-content\/uploads\/castor-pano-1.jpg\" width=\"1400\" height=\"450\" alt=\"Ferienh\u00e4user \u201eCastor\u201c\" title=\"Ferienh\u00e4user \u201eCastor\u201c\" class=\"img-responsive wp-image-3627\" srcset=\"https:\/\/www.gitesislacooldouce.fr\/wp-content\/uploads\/castor-pano-1-200x64.jpg 200w, https:\/\/www.gitesislacooldouce.fr\/wp-content\/uploads\/castor-pano-1-400x129.jpg 400w, https:\/\/www.gitesislacooldouce.fr\/wp-content\/uploads\/castor-pano-1-600x193.jpg 600w, https:\/\/www.gitesislacooldouce.fr\/wp-content\/uploads\/castor-pano-1-800x257.jpg 800w, https:\/\/www.gitesislacooldouce.fr\/wp-content\/uploads\/castor-pano-1-1200x386.jpg 1200w, https:\/\/www.gitesislacooldouce.fr\/wp-content\/uploads\/castor-pano-1.jpg 1400w\" sizes=\"auto, (max-width: 900px) 100vw, 1400px\" \/><\/span><\/div><div class=\"text1\"><ul>\n \t<li>V\u00f6llig freistehendes Haus<\/li>\n \t<li>Sch\u00f6nes Haus aus lokalem Stein<\/li>\n \t<li>Gro\u00dfe private Terrasse<\/li>\n \t<li>Fluss auf 30m<\/li>\n \t<li>Klassifiziert mit 3 \u00e9pis G\u00eetes de France<\/li>\n<\/ul>\n<ul>\n \t<li class=\"apartir\">Ab 695 \u20ac \/ Woche<\/li>\n<\/ul>\n<a class=\"btn-lien-gite\" href=\"\/de\/landelijke-gites\/castor\/\">Mehr Info <i class=\"fontawesome-icon fa-angle-double-right fas circle-no\" style=\"font-size:18px;margin-right:9px;color:#ffffff;\"><\/i><\/a>\n<\/div><div class=\"fusion-clearfix\"><\/div>\n\t\t\t\t\t<\/div>\n\t\t\t\t\t<span class=\"fusion-column-inner-bg hover-type-none\">\n\t\t\t\t\t\t<a href=\"\/de\/landliche-ferienhauser\/castor\/\" aria-label=\"\">\n\t\t\t\t\t\t\t<span class=\"fusion-column-inner-bg-image\"  style=\"background-position:left top;background-repeat:no-repeat;-webkit-background-size:cover;-moz-background-size:cover;-o-background-size:cover;background-size:cover;\"><\/span><\/a>\n\t\t\t\t\t<\/span>\n\t\t\t\t<\/div><\/div><\/div><div class=\"fusion-fullwidth fullwidth-box nonhundred-percent-fullwidth non-hundred-percent-height-scrolling\"  style='background-color: rgba(255,255,255,0);background-position: center center;background-repeat: no-repeat;padding-top:0px;padding-right:0px;padding-bottom:0px;padding-left:0px;'><div class=\"fusion-builder-row fusion-row \"><div  class=\"fusion-layout-column fusion_builder_column fusion_builder_column_1_1  fusion-one-full fusion-column-first fusion-column-last bloc-gites fusion-column-inner-bg-wrapper 1_1\"  style='margin-top:0px;margin-bottom:20px;'>\n\t\t\t\t\t<div class=\"fusion-column-wrapper\" style=\"padding: 0px 0px 0px 0px;\" data-bg-url=\"\">\n\t\t\t\t\t\t<div class=\"fusion-title title fusion-sep-none fusion-title-size-two\" style=\"margin-top:0px;margin-bottom:25px;\"><h2 class=\"title-heading-left\">Portokali<br class=\"brmobile\" \/><img decoding=\"async\" src=\"\/wp-content\/uploads\/gdf2.png\" alt=\"G\u00eetes de France\" \/> <img decoding=\"async\" class=\"epis\" src=\"\/wp-content\/uploads\/epis.png\" alt=\"\u00c9pis G\u00eetes de France\" \/> <img decoding=\"async\" class=\"epis\" src=\"\/wp-content\/uploads\/epis.png\" alt=\"\u00c9pis G\u00eetes de France\" \/> <img decoding=\"async\" class=\"epis\" src=\"\/wp-content\/uploads\/epis.png\" alt=\"\u00c9pis G\u00eetes de France\" \/> <img decoding=\"async\" src=\"\/wp-content\/uploads\/pmr.png\" alt=\"PMR\" \/><span class=\"nd\"> 63 m\u00b2 &#8211; 5 Personen<\/span><\/h2><\/div><div class=\"imageframe-align-center\"><span class=\"fusion-imageframe imageframe-none imageframe-4 hover-type-none match-gite\"><img loading=\"lazy\" decoding=\"async\" src=\"https:\/\/www.gitesislacooldouce.fr\/wp-content\/uploads\/portokali-pano-1.jpg\" width=\"1400\" height=\"450\" alt=\"Ferienh\u00e4user \u201ePortokali\u201c\" title=\"Ferienh\u00e4user \u201ePortokali\u201c\" class=\"img-responsive wp-image-3629\" srcset=\"https:\/\/www.gitesislacooldouce.fr\/wp-content\/uploads\/portokali-pano-1-200x64.jpg 200w, https:\/\/www.gitesislacooldouce.fr\/wp-content\/uploads\/portokali-pano-1-400x129.jpg 400w, https:\/\/www.gitesislacooldouce.fr\/wp-content\/uploads\/portokali-pano-1-600x193.jpg 600w, https:\/\/www.gitesislacooldouce.fr\/wp-content\/uploads\/portokali-pano-1-800x257.jpg 800w, https:\/\/www.gitesislacooldouce.fr\/wp-content\/uploads\/portokali-pano-1-1200x386.jpg 1200w, https:\/\/www.gitesislacooldouce.fr\/wp-content\/uploads\/portokali-pano-1.jpg 1400w\" sizes=\"auto, (max-width: 900px) 100vw, 1400px\" \/><\/span><\/div><div class=\"text1\"><ul>\n \t<li>Rollstuhlfreundlich<\/li>\n \t<li>Blick auf die Felder<\/li>\n \t<li>Gemeinschaftsgarten mit Grand-Ch\u00eane-Haus<\/li>\n \t<li>Offene K\u00fcche<\/li>\n \t<li>Klassifiziert mit 3 \u00e9pis G\u00eetes de France<\/li>\n<\/ul>\n<ul>\n \t<li class=\"apartir\">Ab 645 \u20ac \/ Woche<\/li>\n<\/ul>\n<a class=\"btn-lien-gite\" href=\"\/de\/landelijke-gites\/portokali\/\">Mehr Info <i class=\"fontawesome-icon fa-angle-double-right fas circle-no\" style=\"font-size:18px;margin-right:9px;color:#ffffff;\"><\/i><\/a>\n<\/div><div class=\"fusion-clearfix\"><\/div>\n\t\t\t\t\t<\/div>\n\t\t\t\t\t<span class=\"fusion-column-inner-bg hover-type-none\">\n\t\t\t\t\t\t<a href=\"\/de\/landliche-ferienhauser\/portokali\/\" aria-label=\"\">\n\t\t\t\t\t\t\t<span class=\"fusion-column-inner-bg-image\"  style=\"background-position:left top;background-repeat:no-repeat;-webkit-background-size:cover;-moz-background-size:cover;-o-background-size:cover;background-size:cover;\"><\/span><\/a>\n\t\t\t\t\t<\/span>\n\t\t\t\t<\/div><\/div><\/div><div class=\"fusion-fullwidth fullwidth-box nonhundred-percent-fullwidth non-hundred-percent-height-scrolling\"  style='background-color: rgba(255,255,255,0);background-position: center center;background-repeat: no-repeat;padding-top:0px;padding-right:0px;padding-bottom:0px;padding-left:0px;'><div class=\"fusion-builder-row fusion-row \"><div  class=\"fusion-layout-column fusion_builder_column fusion_builder_column_1_1  fusion-one-full fusion-column-first fusion-column-last bloc-gites fusion-column-inner-bg-wrapper 1_1\"  style='margin-top:0px;margin-bottom:20px;'>\n\t\t\t\t\t<div class=\"fusion-column-wrapper\" style=\"padding: 0px 0px 0px 0px;\" data-bg-url=\"\">\n\t\t\t\t\t\t<div class=\"fusion-title title fusion-sep-none fusion-title-size-two\" style=\"margin-top:0px;margin-bottom:25px;\"><h2 class=\"title-heading-left\">Kiwi<br class=\"brmobile\" \/><img decoding=\"async\" src=\"\/wp-content\/uploads\/gdf2.png\" alt=\"G\u00eetes de France\" \/> <img decoding=\"async\" class=\"epis\" src=\"\/wp-content\/uploads\/epis.png\" alt=\"\u00c9pis G\u00eetes de France\" \/> <img decoding=\"async\" class=\"epis\" src=\"\/wp-content\/uploads\/epis.png\" alt=\"\u00c9pis G\u00eetes de France\" \/> <img decoding=\"async\" class=\"epis\" src=\"\/wp-content\/uploads\/epis.png\" alt=\"\u00c9pis G\u00eetes de France\" \/> <span class=\"nd\"> 65 m\u00b2 &#8211; 5 Personen<\/span><\/h2><\/div><div class=\"imageframe-align-center\"><span class=\"fusion-imageframe imageframe-none imageframe-5 hover-type-none match-gite\"><img loading=\"lazy\" decoding=\"async\" src=\"https:\/\/www.gitesislacooldouce.fr\/wp-content\/uploads\/kiwi-pano.jpg\" width=\"1400\" height=\"450\" alt=\"Ferienh\u00e4user \u201eKiwi\u201c\" title=\"Ferienh\u00e4user \u201eKiwi\u201c\" class=\"img-responsive wp-image-3789\" srcset=\"https:\/\/www.gitesislacooldouce.fr\/wp-content\/uploads\/kiwi-pano-200x64.jpg 200w, https:\/\/www.gitesislacooldouce.fr\/wp-content\/uploads\/kiwi-pano-400x129.jpg 400w, https:\/\/www.gitesislacooldouce.fr\/wp-content\/uploads\/kiwi-pano-600x193.jpg 600w, https:\/\/www.gitesislacooldouce.fr\/wp-content\/uploads\/kiwi-pano-800x257.jpg 800w, https:\/\/www.gitesislacooldouce.fr\/wp-content\/uploads\/kiwi-pano-1200x386.jpg 1200w, https:\/\/www.gitesislacooldouce.fr\/wp-content\/uploads\/kiwi-pano.jpg 1400w\" sizes=\"auto, (max-width: 900px) 100vw, 1400px\" \/><\/span><\/div><div class=\"text1\"><ul>\n \t<li>Haus aus lokalem Stein<\/li>\n \t<li>Private Terrasse mit Blick auf die Gorges de La Beaume<\/li>\n \t<li>Klassifiziert mit 3 \u00e9pis G\u00eetes de France<\/li>\n<\/ul>\n<ul>\n \t<li class=\"apartir\">Ab 645 \u20ac \/ Woche<\/li>\n<\/ul>\n<a class=\"btn-lien-gite\" href=\"\/de\/landelijke-gites\/kiwi\/\">Mehr Info <i class=\"fontawesome-icon fa-angle-double-right fas circle-no\" style=\"font-size:18px;margin-right:9px;color:#ffffff;\"><\/i><\/a>\n<\/div><div class=\"fusion-clearfix\"><\/div>\n\t\t\t\t\t<\/div>\n\t\t\t\t\t<span class=\"fusion-column-inner-bg hover-type-none\">\n\t\t\t\t\t\t<a href=\"\/de\/landliche-ferienhauser\/kiwi\/\" aria-label=\"\">\n\t\t\t\t\t\t\t<span class=\"fusion-column-inner-bg-image\"  style=\"background-position:left top;background-repeat:no-repeat;-webkit-background-size:cover;-moz-background-size:cover;-o-background-size:cover;background-size:cover;\"><\/span><\/a>\n\t\t\t\t\t<\/span>\n\t\t\t\t<\/div><\/div><\/div><div class=\"fusion-fullwidth fullwidth-box nonhundred-percent-fullwidth non-hundred-percent-height-scrolling\"  style='background-color: rgba(255,255,255,0);background-position: center center;background-repeat: no-repeat;padding-top:0px;padding-right:0px;padding-bottom:0px;padding-left:0px;'><div class=\"fusion-builder-row fusion-row \"><div  class=\"fusion-layout-column fusion_builder_column fusion_builder_column_1_1  fusion-one-full fusion-column-first fusion-column-last bloc-gites fusion-column-inner-bg-wrapper 1_1\"  style='margin-top:0px;margin-bottom:20px;'>\n\t\t\t\t\t<div class=\"fusion-column-wrapper\" style=\"padding: 0px 0px 0px 0px;\" data-bg-url=\"\">\n\t\t\t\t\t\t<div class=\"fusion-title title fusion-sep-none fusion-title-size-two\" style=\"margin-top:0px;margin-bottom:25px;\"><h2 class=\"title-heading-left\">Carpe Diem<br class=\"brmobile\" \/><img decoding=\"async\" src=\"\/wp-content\/uploads\/gdf2.png\" alt=\"G\u00eetes de France\" \/> <img decoding=\"async\" class=\"epis\" src=\"\/wp-content\/uploads\/epis.png\" alt=\"\u00c9pis G\u00eetes de France\" \/> <img decoding=\"async\" class=\"epis\" src=\"\/wp-content\/uploads\/epis.png\" alt=\"\u00c9pis G\u00eetes de France\" \/> <img decoding=\"async\" class=\"epis\" src=\"\/wp-content\/uploads\/epis.png\" alt=\"\u00c9pis G\u00eetes de France\" \/> <span class=\"nd\"> 82 m\u00b2 &#8211; 5 Personen<\/span><\/h2><\/div><div class=\"imageframe-align-center\"><span class=\"fusion-imageframe imageframe-none imageframe-6 hover-type-none match-gite\"><img loading=\"lazy\" decoding=\"async\" src=\"https:\/\/www.gitesislacooldouce.fr\/wp-content\/uploads\/carpe-diem-pano03.jpg\" width=\"1400\" height=\"450\" alt=\"Ferienh\u00e4user \u201eCarpe Diem\u201c\" title=\"Ferienh\u00e4user \u201eCarpe Diem\u201c\" class=\"img-responsive wp-image-3842\" srcset=\"https:\/\/www.gitesislacooldouce.fr\/wp-content\/uploads\/carpe-diem-pano03-200x64.jpg 200w, https:\/\/www.gitesislacooldouce.fr\/wp-content\/uploads\/carpe-diem-pano03-400x129.jpg 400w, https:\/\/www.gitesislacooldouce.fr\/wp-content\/uploads\/carpe-diem-pano03-600x193.jpg 600w, https:\/\/www.gitesislacooldouce.fr\/wp-content\/uploads\/carpe-diem-pano03-800x257.jpg 800w, https:\/\/www.gitesislacooldouce.fr\/wp-content\/uploads\/carpe-diem-pano03-1200x386.jpg 1200w, https:\/\/www.gitesislacooldouce.fr\/wp-content\/uploads\/carpe-diem-pano03.jpg 1400w\" sizes=\"auto, (max-width: 900px) 100vw, 1400px\" \/><\/span><\/div><div class=\"text1\"><ul>\n \t<li>Rollstuhlfreundlich<\/li>\n \t<li>Modernes Haus<\/li>\n \t<li>Gro\u00dfe private Terrasse mit Grill und \u201eLounge\u201c<\/li>\n \t<li>Gro\u00dfer s\u00fcdlicher Garten<\/li>\n \t<li>Offene K\u00fcche<\/li>\n \t<li>Klassifiziert mit 3 \u00e9pis G\u00eetes de France<\/li>\n<\/ul>\n<ul>\n \t<li class=\"apartir\">Ab 735 \u20ac \/ Woche<\/li>\n<\/ul>\n<a class=\"btn-lien-gite\" href=\"\/de\/landelijke-gites\/carpe-diem\/\">Mehr Info <i class=\"fontawesome-icon fa-angle-double-right fas circle-no\" style=\"font-size:18px;margin-right:9px;color:#ffffff;\"><\/i><\/a>\n<\/div><div class=\"fusion-clearfix\"><\/div>\n\t\t\t\t\t<\/div>\n\t\t\t\t\t<span class=\"fusion-column-inner-bg hover-type-none\">\n\t\t\t\t\t\t<a href=\"\/de\/landliche-ferienhauser\/carpe-diem\/\" aria-label=\"\">\n\t\t\t\t\t\t\t<span class=\"fusion-column-inner-bg-image\"  style=\"background-position:left top;background-repeat:no-repeat;-webkit-background-size:cover;-moz-background-size:cover;-o-background-size:cover;background-size:cover;\"><\/span><\/a>\n\t\t\t\t\t<\/span>\n\t\t\t\t<\/div><\/div><\/div><div class=\"fusion-fullwidth fullwidth-box nonhundred-percent-fullwidth non-hundred-percent-height-scrolling\"  style='background-color: rgba(255,255,255,0);background-position: center center;background-repeat: no-repeat;padding-top:0px;padding-right:0px;padding-bottom:0px;padding-left:0px;'><div class=\"fusion-builder-row fusion-row \"><div  class=\"fusion-layout-column fusion_builder_column fusion_builder_column_1_1  fusion-one-full fusion-column-first fusion-column-last bloc-gites fusion-column-inner-bg-wrapper 1_1\"  style='margin-top:0px;margin-bottom:20px;'>\n\t\t\t\t\t<div class=\"fusion-column-wrapper\" style=\"padding: 0px 0px 0px 0px;\" data-bg-url=\"\">\n\t\t\t\t\t\t<div class=\"fusion-title title fusion-sep-none fusion-title-size-two\" style=\"margin-top:0px;margin-bottom:25px;\"><h2 class=\"title-heading-left\">La Joyeuse<br class=\"brmobile\" \/><img decoding=\"async\" src=\"\/wp-content\/uploads\/gdf2.png\" alt=\"G\u00eetes de France\" \/> <img decoding=\"async\" class=\"epis\" src=\"\/wp-content\/uploads\/epis.png\" alt=\"\u00c9pis G\u00eetes de France\" \/> <img decoding=\"async\" class=\"epis\" src=\"\/wp-content\/uploads\/epis.png\" alt=\"\u00c9pis G\u00eetes de France\" \/> <img decoding=\"async\" class=\"epis\" src=\"\/wp-content\/uploads\/epis.png\" alt=\"\u00c9pis G\u00eetes de France\" \/> <span class=\"nd\"> 120 m\u00b2 &#8211; 10 Personen<\/span><\/h2><\/div><div class=\"imageframe-align-center\"><span class=\"fusion-imageframe imageframe-none imageframe-7 hover-type-none match-gite\"><img loading=\"lazy\" decoding=\"async\" src=\"https:\/\/www.gitesislacooldouce.fr\/wp-content\/uploads\/la-joyeuse-pano-2.jpg\" width=\"1400\" height=\"450\" alt=\"Ferienh\u00e4user \u201eLa Joyeuse\u201c\" title=\"Ferienh\u00e4user \u201eLa Joyeuse\u201c\" class=\"img-responsive wp-image-3902\" srcset=\"https:\/\/www.gitesislacooldouce.fr\/wp-content\/uploads\/la-joyeuse-pano-2-200x64.jpg 200w, https:\/\/www.gitesislacooldouce.fr\/wp-content\/uploads\/la-joyeuse-pano-2-400x129.jpg 400w, https:\/\/www.gitesislacooldouce.fr\/wp-content\/uploads\/la-joyeuse-pano-2-600x193.jpg 600w, https:\/\/www.gitesislacooldouce.fr\/wp-content\/uploads\/la-joyeuse-pano-2-800x257.jpg 800w, https:\/\/www.gitesislacooldouce.fr\/wp-content\/uploads\/la-joyeuse-pano-2-1200x386.jpg 1200w, https:\/\/www.gitesislacooldouce.fr\/wp-content\/uploads\/la-joyeuse-pano-2.jpg 1400w\" sizes=\"auto, (max-width: 900px) 100vw, 1400px\" \/><\/span><\/div><div class=\"text1\"><ul>\n \t<li>Unabh\u00e4ngiges Haus auf 2 Ebenen<\/li>\n \t<li>Die gr\u00f6\u00dfte der Lodges<\/li>\n \t<li>2 gro\u00dfe private Terrassen mit Grill und \u201eLounge\u201c<\/li>\n \t<li>Privater Garten<\/li>\n \t<li>Fluss auf 30 m<\/li>\n \t<li>Klassifiziert mit 3 \u00e9pis G\u00eetes de France<\/li>\n<\/ul>\n<ul>\n \t<li class=\"apartir\">Ab 1 155 \u20ac \/ Woche<\/li>\n<\/ul>\n<a class=\"btn-lien-gite\" href=\"\/de\/landelijke-gites\/la-joyeuse\/\">Mehr Info <i class=\"fontawesome-icon fa-angle-double-right fas circle-no\" style=\"font-size:18px;margin-right:9px;color:#ffffff;\"><\/i><\/a>\n<\/div><div class=\"fusion-clearfix\"><\/div>\n\t\t\t\t\t<\/div>\n\t\t\t\t\t<span class=\"fusion-column-inner-bg hover-type-none\">\n\t\t\t\t\t\t<a href=\"\/de\/landliche-ferienhauser\/la-joyeuse\/\" aria-label=\"\">\n\t\t\t\t\t\t\t<span class=\"fusion-column-inner-bg-image\"  style=\"background-position:left top;background-repeat:no-repeat;-webkit-background-size:cover;-moz-background-size:cover;-o-background-size:cover;background-size:cover;\"><\/span><\/a>\n\t\t\t\t\t<\/span>\n\t\t\t\t<\/div><\/div><\/div><div class=\"fusion-fullwidth fullwidth-box nonhundred-percent-fullwidth non-hundred-percent-height-scrolling\"  style='background-color: rgba(255,255,255,0);background-position: center center;background-repeat: no-repeat;padding-top:0px;padding-right:0px;padding-bottom:0px;padding-left:0px;'><div class=\"fusion-builder-row fusion-row \"><div  class=\"fusion-layout-column fusion_builder_column fusion_builder_column_1_1  fusion-one-full fusion-column-first fusion-column-last 1_1\"  style='margin-top:0px;margin-bottom:20px;'>\n\t\t\t\t\t<div class=\"fusion-column-wrapper\" style=\"padding: 0px 0px 0px 0px;background-position:left top;background-repeat:no-repeat;-webkit-background-size:cover;-moz-background-size:cover;-o-background-size:cover;background-size:cover;\"   data-bg-url=\"\">\n\t\t\t\t\t\t<div class=\"fusion-sep-clear\"><\/div><div class=\"fusion-separator fusion-full-width-sep sep-none\" style=\"margin-left: auto;margin-right: auto;margin-top:30px;\"><\/div><div class=\"fusion-title title fusion-sep-none fusion-title-center fusion-title-size-two\" style=\"margin-top:0px;margin-bottom:25px;\"><h2 class=\"title-heading-center\">Offener Zugang<\/h2><\/div><div class=\"fusion-title title fusion-sep-none fusion-title-size-three\" style=\"margin-top:0px;margin-bottom:25px;\"><h3 class=\"title-heading-left\">Vor Ort<\/h3><\/div><div class=\"fusion-clearfix\"><\/div>\n\n\t\t\t\t\t<\/div>\n\t\t\t\t<\/div><div  class=\"fusion-layout-column fusion_builder_column fusion_builder_column_1_3  fusion-one-third fusion-column-first 1_3\"  style='margin-top:0px;margin-bottom:20px;width:33.33%;width:calc(33.33% - ( ( 4% + 4% ) * 0.3333 ) );margin-right: 4%;'>\n\t\t\t\t\t<div class=\"fusion-column-wrapper\" style=\"padding: 0px 0px 0px 0px;background-position:left top;background-repeat:no-repeat;-webkit-background-size:cover;-moz-background-size:cover;-o-background-size:cover;background-size:cover;\"   data-bg-url=\"\">\n\t\t\t\t\t\t<ul class=\"fusion-checklist fusion-checklist-1\" style=\"font-size:14px;line-height:23.8px;\"><li class=\"fusion-li-item\"><span style=\"height:23.8px;width:23.8px;margin-right:9.8px;\" class=\"icon-wrapper circle-no\"><i class=\"fusion-li-icon fa-check fas\" style=\"color:#a99578;\"><\/i><\/span><div class=\"fusion-li-item-content\" style=\"margin-left:33.6px;\">Gro\u00dfer beheizter Swimmingpool, ge\u00f6ffnet von Mai bis Ende September (14 x 7 m L\u00e4nge und 1 m bis 2,40 m Tiefe).<\/div><\/li><li class=\"fusion-li-item\"><span style=\"height:23.8px;width:23.8px;margin-right:9.8px;\" class=\"icon-wrapper circle-no\"><i class=\"fusion-li-icon fa-check fas\" style=\"color:#a99578;\"><\/i><\/span><div class=\"fusion-li-item-content\" style=\"margin-left:33.6px;\">Spielplatz, Volleyballfeld, P\u00e9tanque-Feld, Tischtennis- und Kickertisch.<\/div><\/li><\/ul><div class=\"fusion-clearfix\"><\/div>\n\n\t\t\t\t\t<\/div>\n\t\t\t\t<\/div><div  class=\"fusion-layout-column fusion_builder_column fusion_builder_column_1_3  fusion-one-third 1_3\"  style='margin-top:0px;margin-bottom:20px;width:33.33%;width:calc(33.33% - ( ( 4% + 4% ) * 0.3333 ) );margin-right: 4%;'>\n\t\t\t\t\t<div class=\"fusion-column-wrapper\" style=\"padding: 0px 0px 0px 0px;background-position:left top;background-repeat:no-repeat;-webkit-background-size:cover;-moz-background-size:cover;-o-background-size:cover;background-size:cover;\"   data-bg-url=\"\">\n\t\t\t\t\t\t<ul class=\"fusion-checklist fusion-checklist-2\" style=\"font-size:14px;line-height:23.8px;\"><li class=\"fusion-li-item\"><span style=\"height:23.8px;width:23.8px;margin-right:9.8px;\" class=\"icon-wrapper circle-no\"><i class=\"fusion-li-icon fa-check fas\" style=\"color:#a99578;\"><\/i><\/span><div class=\"fusion-li-item-content\" style=\"margin-left:33.6px;\">In den H\u00e4usern: Gesellschaftsspiele, Informationen und Dokumentationen \u00fcber die Ard\u00e8che und die Spazierg\u00e4nge usw.<\/div><\/li><\/ul><div class=\"fusion-clearfix\"><\/div>\n\n\t\t\t\t\t<\/div>\n\t\t\t\t<\/div><div  class=\"fusion-layout-column fusion_builder_column fusion_builder_column_1_3  fusion-one-third fusion-column-last 1_3\"  style='margin-top:0px;margin-bottom:20px;width:33.33%;width:calc(33.33% - ( ( 4% + 4% ) * 0.3333 ) );'>\n\t\t\t\t\t<div class=\"fusion-column-wrapper\" style=\"padding: 0px 0px 0px 0px;background-position:left top;background-repeat:no-repeat;-webkit-background-size:cover;-moz-background-size:cover;-o-background-size:cover;background-size:cover;\"   data-bg-url=\"\">\n\t\t\t\t\t\t<ul class=\"fusion-checklist fusion-checklist-3\" style=\"font-size:14px;line-height:23.8px;\"><li class=\"fusion-li-item\"><span style=\"height:23.8px;width:23.8px;margin-right:9.8px;\" class=\"icon-wrapper circle-no\"><i class=\"fusion-li-icon fa-check fas\" style=\"color:#a99578;\"><\/i><\/span><div class=\"fusion-li-item-content\" style=\"margin-left:33.6px;\">Aromatische G\u00e4rten und l\u00e4ndliche Atmosph\u00e4re.<\/div><\/li><li class=\"fusion-li-item\"><span style=\"height:23.8px;width:23.8px;margin-right:9.8px;\" class=\"icon-wrapper circle-no\"><i class=\"fusion-li-icon fa-check fas\" style=\"color:#a99578;\"><\/i><\/span><div class=\"fusion-li-item-content\" style=\"margin-left:33.6px;\">Blick auf die Gorges de La Beaume.<\/div><\/li><li class=\"fusion-li-item\"><span style=\"height:23.8px;width:23.8px;margin-right:9.8px;\" class=\"icon-wrapper circle-no\"><i class=\"fusion-li-icon fa-check fas\" style=\"color:#a99578;\"><\/i><\/span><div class=\"fusion-li-item-content\" style=\"margin-left:33.6px;\">Gesch\u00e4fte und H\u00e4ndler in 500 m Entfernung.<\/div><\/li><li class=\"fusion-li-item\"><span style=\"height:23.8px;width:23.8px;margin-right:9.8px;\" class=\"icon-wrapper circle-no\"><i class=\"fusion-li-icon fa-check fas\" style=\"color:#a99578;\"><\/i><\/span><div class=\"fusion-li-item-content\" style=\"margin-left:33.6px;\">Dorfzentrum von Joyeuse auf 800 m.<\/div><\/li><\/ul><div class=\"fusion-clearfix\"><\/div>\n\n\t\t\t\t\t<\/div>\n\t\t\t\t<\/div><div  class=\"fusion-layout-column fusion_builder_column fusion_builder_column_1_1  fusion-one-full fusion-column-first fusion-column-last 1_1\"  style='margin-top:0px;margin-bottom:20px;'>\n\t\t\t\t\t<div class=\"fusion-column-wrapper\" style=\"padding: 0px 0px 0px 0px;background-position:left top;background-repeat:no-repeat;-webkit-background-size:cover;-moz-background-size:cover;-o-background-size:cover;background-size:cover;\"   data-bg-url=\"\">\n\t\t\t\t\t\t<div class=\"fusion-sep-clear\"><\/div><div class=\"fusion-separator fusion-full-width-sep sep-none\" style=\"margin-left: auto;margin-right: auto;margin-top:30px;\"><\/div><div class=\"fusion-title title fusion-sep-none fusion-title-size-three\" style=\"margin-top:0px;margin-bottom:25px;\"><h3 class=\"title-heading-left\">Fahren Sie w\u00e4hrend Ihres Aufenthalts am Freizeitpark \u201eIsla Cool Douce\u201c vorbei<\/h3><\/div><div class=\"fusion-clearfix\"><\/div>\n\n\t\t\t\t\t<\/div>\n\t\t\t\t<\/div><div  class=\"fusion-layout-column fusion_builder_column fusion_builder_column_1_1  fusion-one-full fusion-column-first fusion-column-last 1_1\"  style='margin-top:0px;margin-bottom:20px;'>\n\t\t\t\t\t<div class=\"fusion-column-wrapper\" style=\"padding: 0px 0px 0px 0px;background-position:left top;background-repeat:no-repeat;-webkit-background-size:cover;-moz-background-size:cover;-o-background-size:cover;background-size:cover;\"   data-bg-url=\"\">\n\t\t\t\t\t\t<div class=\"fusion-builder-row fusion-builder-row-inner fusion-row \"><div  class=\"fusion-layout-column fusion_builder_column fusion_builder_column_1_6  fusion-one-sixth fusion-column-first fusion-spacing-no 1_6\"  style='margin-top: 0px;margin-bottom: 20px;width:16.66%;width:calc(16.66% - ( ( 0px + 4% ) * 0.1666 ) );margin-right:0px;'><div class=\"fusion-column-wrapper\" style=\"padding: 0px 0px 0px 0px;background-position:left top;background-repeat:no-repeat;-webkit-background-size:cover;-moz-background-size:cover;-o-background-size:cover;background-size:cover;\"  data-bg-url=\"\"><div class=\"imageframe-align-center\"><span class=\"fusion-imageframe imageframe-none imageframe-8 hover-type-none\"><a class=\"fusion-no-lightbox\" href=\"http:\/\/www.islacooldouce.fr\/\" target=\"_blank\" aria-label=\"Isla Cool Douce\" rel=\"noopener noreferrer\"><img loading=\"lazy\" decoding=\"async\" src=\"https:\/\/www.gitesislacooldouce.fr\/wp-content\/uploads\/logo-isla-cool-douce.png\" width=\"115\" height=\"109\" alt=\"Isla Cool Douce\" class=\"img-responsive wp-image-3597\"\/><\/a><\/span><\/div><\/div><\/div><div  class=\"fusion-layout-column fusion_builder_column fusion_builder_column_2_5  fusion-two-fifth 2_5\"  style='margin-top: 0px;margin-bottom: 20px;width:40%;width:calc(40% - ( ( 0px + 4% ) * 0.4 ) );margin-right:4%;'><div class=\"fusion-column-wrapper\" style=\"padding: 0px 0px 0px 0px;background-position:left top;background-repeat:no-repeat;-webkit-background-size:cover;-moz-background-size:cover;-o-background-size:cover;background-size:cover;\"  data-bg-url=\"\"><div class=\"fusion-text\"><p style=\"text-align: center;\">&#8211; <strong>Kostenlos im Juli\/August<\/strong> &#8211;<\/p>\n<p style=\"text-align: center;\">Die Ferienh\u00e4user Isla Cool Douce bieten Ihnen freien Zugang zum <a href=\"https:\/\/www.islacooldouce.fr\/\" target=\"_blank\" rel=\"noopener noreferrer\">Freizeitpark Isla Cool Douce<\/a>.<\/p>\n<\/div><\/div><\/div><div  class=\"fusion-layout-column fusion_builder_column fusion_builder_column_2_5  fusion-two-fifth fusion-column-last 2_5\"  style='margin-top: 0px;margin-bottom: 20px;width:40%;width:calc(40% - ( ( 0px + 4% ) * 0.4 ) );'><div class=\"fusion-column-wrapper\" style=\"padding: 0px 0px 0px 0px;background-position:left top;background-repeat:no-repeat;-webkit-background-size:cover;-moz-background-size:cover;-o-background-size:cover;background-size:cover;\"  data-bg-url=\"\"><div class=\"fusion-text\"><p>Der Multiaktivit\u00e4tspark ist ideal f\u00fcr einen entspannten Moment mit der Familie.<br \/>\nPrivatstrand, Schwimmb\u00e4der, Snackbar, Kanufahrten usw.<\/p>\n<p>Entdecken Sie den sch\u00f6nsten Strand der Ard\u00e8che, nur 20 Autominuten entfernt.<\/p>\n<\/div><\/div><\/div><\/div><div class=\"fusion-clearfix\"><\/div>\n\n\t\t\t\t\t<\/div>\n\t\t\t\t<\/div><\/div><\/div><\/p>\n","protected":false},"excerpt":{"rendered":"","protected":false},"author":1,"featured_media":0,"parent":0,"menu_order":0,"comment_status":"closed","ping_status":"closed","template":"100-width.php","meta":{"footnotes":""},"class_list":["post-3574","page","type-page","status-publish","hentry"],"_links":{"self":[{"href":"https:\/\/www.gitesislacooldouce.fr\/de\/wp-json\/wp\/v2\/pages\/3574","targetHints":{"allow":["GET"]}}],"collection":[{"href":"https:\/\/www.gitesislacooldouce.fr\/de\/wp-json\/wp\/v2\/pages"}],"about":[{"href":"https:\/\/www.gitesislacooldouce.fr\/de\/wp-json\/wp\/v2\/types\/page"}],"author":[{"embeddable":true,"href":"https:\/\/www.gitesislacooldouce.fr\/de\/wp-json\/wp\/v2\/users\/1"}],"replies":[{"embeddable":true,"href":"https:\/\/www.gitesislacooldouce.fr\/de\/wp-json\/wp\/v2\/comments?post=3574"}],"version-history":[{"count":7,"href":"https:\/\/www.gitesislacooldouce.fr\/de\/wp-json\/wp\/v2\/pages\/3574\/revisions"}],"predecessor-version":[{"id":4075,"href":"https:\/\/www.gitesislacooldouce.fr\/de\/wp-json\/wp\/v2\/pages\/3574\/revisions\/4075"}],"wp:attachment":[{"href":"https:\/\/www.gitesislacooldouce.fr\/de\/wp-json\/wp\/v2\/media?parent=3574"}],"curies":[{"name":"wp","href":"https:\/\/api.w.org\/{rel}","templated":true}]}}